{"id":181,"date":"2013-10-15T21:20:32","date_gmt":"2013-10-15T21:20:32","guid":{"rendered":"http:\/\/www.canzu.cl\/demo\/?page_id=181"},"modified":"2013-11-27T14:41:36","modified_gmt":"2013-11-27T14:41:36","slug":"portada","status":"publish","type":"page","link":"https:\/\/milenio.uct.cl\/","title":{"rendered":"Nuestra propuesta pedag\u00f3gica"},"content":{"rendered":"<div style=\"text-align: justify;\">\n<p>El Centro de Investigaci\u00f3n de Educaci\u00f3n en Contexto Ind\u00edgena e Intercultural (CIECII) tiene por objetivo desarrollar investigaciones para construir una base de conocimientos epistemol\u00f3gicos que sustente una pedagog\u00eda, para escuelas situadas en contexto ind\u00edgena, fundada en las ciencias de la educaci\u00f3n y en saberes ind\u00edgenas de los nuevos escenarios culturales y sociales que implica la globalizaci\u00f3n. Este N\u00facleo corresponde al \u00e1rea de educaci\u00f3n y se organiza desde una perspectiva interdisciplinaria.<\/p>\n<p>Los resultados de este proyecto aportar\u00e1n conocimientos sobre el m\u00e9todo de ense\u00f1anza desde la racionalidad educativa ind\u00edgena mapuche, como asimismo propuestas curriculares aplicables a la escolarizaci\u00f3n en contexto mapuche a trav\u00e9s de un enfoque intercultural. El conjunto de estos resultados, responder\u00e1 a la demanda de conocimientos ind\u00edgenas por parte de docentes que trabajan en contexto mapuche, directivos a cargo de la gesti\u00f3n educativa y las propias familias mapuches que demandan una educaci\u00f3n m\u00e1s contextualizada y de mejor calidad.<\/p>\n<\/div>\n","protected":false},"excerpt":{"rendered":"<p>El Centro de Investigaci\u00f3n de Educaci\u00f3n en Contexto Ind\u00edgena e Intercultural (CIECII) tiene por objetivo desarrollar investigaciones para construir una base de conocimientos epistemol\u00f3gicos que sustente una pedagog\u00eda, para escuelas situadas en contexto ind\u00edgena, fundada en las ciencias de la educaci\u00f3n y en saberes ind\u00edgenas de los nuevos escenarios culturales y sociales que implica la [&hellip;]<\/p>\n","protected":false},"author":1,"featured_media":0,"parent":0,"menu_order":0,"comment_status":"closed","ping_status":"closed","template":"","meta":{"footnotes":""},"class_list":["post-181","page","type-page","status-publish","hentry"],"_links":{"self":[{"href":"https:\/\/milenio.uct.cl\/index.php?rest_route=\/wp\/v2\/pages\/181"}],"collection":[{"href":"https:\/\/milenio.uct.cl\/index.php?rest_route=\/wp\/v2\/pages"}],"about":[{"href":"https:\/\/milenio.uct.cl\/index.php?rest_route=\/wp\/v2\/types\/page"}],"author":[{"embeddable":true,"href":"https:\/\/milenio.uct.cl\/index.php?rest_route=\/wp\/v2\/users\/1"}],"replies":[{"embeddable":true,"href":"https:\/\/milenio.uct.cl\/index.php?rest_route=%2Fwp%2Fv2%2Fcomments&post=181"}],"version-history":[{"count":10,"href":"https:\/\/milenio.uct.cl\/index.php?rest_route=\/wp\/v2\/pages\/181\/revisions"}],"predecessor-version":[{"id":280,"href":"https:\/\/milenio.uct.cl\/index.php?rest_route=\/wp\/v2\/pages\/181\/revisions\/280"}],"wp:attachment":[{"href":"https:\/\/milenio.uct.cl\/index.php?rest_route=%2Fwp%2Fv2%2Fmedia&parent=181"}],"curies":[{"name":"wp","href":"https:\/\/api.w.org\/{rel}","templated":true}]}}