{"id":34,"date":"2013-10-14T14:29:49","date_gmt":"2013-10-14T14:29:49","guid":{"rendered":"http:\/\/www.canzu.cl\/demo\/?page_id=34"},"modified":"2013-10-15T21:30:08","modified_gmt":"2013-10-15T21:30:08","slug":"acerca","status":"publish","type":"page","link":"https:\/\/milenio.uct.cl\/?page_id=34","title":{"rendered":"Acerca"},"content":{"rendered":"<div style=\"text-align: justify;\">\n<p>El Centro de Investigaci\u00f3n de Educaci\u00f3n en Contexto Ind\u00edgena e Intercultural (CIECII) de la Universidad Cat\u00f3lica de Temuco, representado por el investigador Dr. Daniel Quilaqueo Rapim\u00e1n, tiene una duraci\u00f3n de 36 meses, considera el concepto de investigaci\u00f3n en educaci\u00f3n en contexto ind\u00edgena e intercultural, para comprender los resultados logrados por las escuelas b\u00e1sicas con respecto a la calidad de la educaci\u00f3n y su contextualizaci\u00f3n con el medio sociocultural ind\u00edgena.<\/p>\n<p>En la actualidad los cient\u00edficos del N\u00facleo se encuentran trabajando en:<\/p>\n<p>1) Profundizar la investigaci\u00f3n avanzada en educaci\u00f3n y formaci\u00f3n de recursos humanos para explicar y comprender el desarrollo de la escolarizaci\u00f3n en contexto ind\u00edgena, desde la sociolog\u00eda de la educaci\u00f3n, el discurso pedag\u00f3gico vinculado a las dos lenguas en presencia y la pedagog\u00eda intercultural para fortalecer la innovaci\u00f3n desde la geograf\u00eda y la educaci\u00f3n intercultural.<\/p>\n<p>2) Implementaci\u00f3n de una educaci\u00f3n para contextos interculturales, complementando el conocimiento escolar y las categor\u00edas de saberes educativos a trav\u00e9s del discurso educativo de los kimches (sabios conocedores el la educaci\u00f3n ind\u00edgena).<\/p>\n<p>3) Analizar m\u00e9todos educativos mapuche a trav\u00e9s del discurso pedag\u00f3gico sobre fundamentos, valores y categor\u00edas de saberes educativos ind\u00edgenas y no ind\u00edgenas.<\/p>\n<p>4) Generar propuestas para la implementaci\u00f3n de una educaci\u00f3n intercultural en contextos ind\u00edgenas considerando la gesti\u00f3n del conocimiento a trav\u00e9s de las TIC, para favorecer la colaboraci\u00f3n intercultural en red y proyectar los resultados de las investigaciones del CIECII al medio externo.<\/p>\n<\/div>\n","protected":false},"excerpt":{"rendered":"<p>El Centro de Investigaci\u00f3n de Educaci\u00f3n en Contexto Ind\u00edgena e Intercultural (CIECII) de la Universidad Cat\u00f3lica de Temuco, representado por el investigador Dr. Daniel Quilaqueo Rapim\u00e1n, tiene una duraci\u00f3n de 36 meses, considera el concepto de investigaci\u00f3n en educaci\u00f3n en contexto ind\u00edgena e intercultural, para comprender los resultados logrados por las escuelas b\u00e1sicas con respecto [&hellip;]<\/p>\n","protected":false},"author":1,"featured_media":0,"parent":0,"menu_order":0,"comment_status":"closed","ping_status":"closed","template":"","meta":{"footnotes":""},"class_list":["post-34","page","type-page","status-publish","hentry"],"_links":{"self":[{"href":"https:\/\/milenio.uct.cl\/index.php?rest_route=\/wp\/v2\/pages\/34"}],"collection":[{"href":"https:\/\/milenio.uct.cl\/index.php?rest_route=\/wp\/v2\/pages"}],"about":[{"href":"https:\/\/milenio.uct.cl\/index.php?rest_route=\/wp\/v2\/types\/page"}],"author":[{"embeddable":true,"href":"https:\/\/milenio.uct.cl\/index.php?rest_route=\/wp\/v2\/users\/1"}],"replies":[{"embeddable":true,"href":"https:\/\/milenio.uct.cl\/index.php?rest_route=%2Fwp%2Fv2%2Fcomments&post=34"}],"version-history":[{"count":7,"href":"https:\/\/milenio.uct.cl\/index.php?rest_route=\/wp\/v2\/pages\/34\/revisions"}],"predecessor-version":[{"id":192,"href":"https:\/\/milenio.uct.cl\/index.php?rest_route=\/wp\/v2\/pages\/34\/revisions\/192"}],"wp:attachment":[{"href":"https:\/\/milenio.uct.cl\/index.php?rest_route=%2Fwp%2Fv2%2Fmedia&parent=34"}],"curies":[{"name":"wp","href":"https:\/\/api.w.org\/{rel}","templated":true}]}}