{"id":42,"date":"2013-10-14T14:33:26","date_gmt":"2013-10-14T14:33:26","guid":{"rendered":"http:\/\/www.canzu.cl\/demo\/?page_id=42"},"modified":"2013-11-12T14:19:56","modified_gmt":"2013-11-12T14:19:56","slug":"cientificos","status":"publish","type":"page","link":"https:\/\/milenio.uct.cl\/?page_id=42","title":{"rendered":"Cient\u00edficos"},"content":{"rendered":"<h2 class=\"cargo\">Director del Proyecto<\/h2>\n<p><img loading=\"lazy\" decoding=\"async\" class=\"alignleft  wp-image-117\" style=\"margin-left: 20px; margin-right: 20px;\" alt=\"dq\" src=\"http:\/\/www.canzu.cl\/demo\/wp-content\/uploads\/2013\/10\/dq1.jpg\" width=\"110\" height=\"139\" \/><\/p>\n<ul>\n<ul>\n<ul>\n<li class=\"negrita\"><strong>Dr. Daniel Quilaqueo Rapim\u00e1n <\/strong><\/li>\n<li class=\"espacio\">Soci\u00f3logo, Doctor en Sociolog\u00eda<\/li>\n<li class=\"espacio\">Universidad Cat\u00f3lica de Temuco<\/li>\n<li class=\"espacio\"><a href=\"mailto:dquilaq@uct.cl\">dquilaq@uct.cl<\/a><\/li>\n<\/ul>\n<\/ul>\n<\/ul>\n<h2 class=\"cargo\"><\/h2>\n<h2 class=\"cargo\"><\/h2>\n<p>&nbsp;<\/p>\n<h2 class=\"cargo\">Director Alterno<\/h2>\n<h2 class=\"cargo\"><img loading=\"lazy\" decoding=\"async\" class=\"alignleft  wp-image-118\" style=\"margin-left: 20px; margin-right: 20px;\" alt=\"fpena (135x174)\" src=\"http:\/\/www.canzu.cl\/demo\/wp-content\/uploads\/2013\/10\/fpena-135x1741.jpg\" width=\"108\" height=\"139\" \/><\/h2>\n<ul>\n<ul>\n<ul>\n<li class=\"negrita\"><strong> Dr. Fernando Pe\u00f1a Cort\u00e9s <\/strong><\/li>\n<li class=\"espacio\">Profesor de Historia y Geograf\u00eda, Doctor en Ciencias Ambientales \u00c1rea Planificaci\u00f3n Territorial<\/li>\n<li class=\"espacio\">Universidad Cat\u00f3lica de Temuco<\/li>\n<li class=\"espacio\"><a href=\"mailto:fpena@uct.cl\">fpena@uct.cl<\/a><\/li>\n<\/ul>\n<\/ul>\n<\/ul>\n<h2 class=\"cargo\"><\/h2>\n<h2 class=\"cargo\"><\/h2>\n<p>&nbsp;<\/p>\n<h2 class=\"cargo\">Investigadores<\/h2>\n<p><img loading=\"lazy\" decoding=\"async\" class=\"alignleft  wp-image-121\" style=\"margin-left: 20px; margin-right: 20px;\" alt=\"sq\" src=\"http:\/\/www.canzu.cl\/demo\/wp-content\/uploads\/2013\/10\/sq1.jpg\" width=\"108\" height=\"139\" \/><\/p>\n<ul>\n<ul>\n<ul>\n<li class=\"espacio\"><strong> Dr. Segundo Quintriqueo Mill\u00e1n<\/strong><\/li>\n<li class=\"espacio\">Profesor de Educaci\u00f3n B\u00e1sica, Doctor en Educaci\u00f3n<\/li>\n<li class=\"espacio\">Universidad Cat\u00f3lica de Temuco<\/li>\n<li class=\"espacio\"><a href=\"mailto:squintri@uct.cl\">squintri@uct.cl<\/a><\/li>\n<\/ul>\n<\/ul>\n<\/ul>\n<p>&nbsp;<\/p>\n<p><img loading=\"lazy\" decoding=\"async\" class=\"alignleft  wp-image-117\" style=\"margin-left: 20px; margin-right: 20px;\" alt=\"dq\" src=\"http:\/\/www.canzu.cl\/demo\/wp-content\/uploads\/2013\/10\/nn.jpg\" width=\"110\" height=\"139\" \/><\/p>\n<ul>\n<ul>\n<li><strong>Mg. Pilar \u00c1lvarez-Santullano B.<\/strong><\/li>\n<li>Profesor de Lenguaje y Comunicaci\u00f3n, Mag\u00edster en artes menci\u00f3n ling\u00fc\u00edstica.<\/li>\n<li>Universidad de Los Lagos<\/li>\n<li><a href=\"mailto:pilaralvarezsant@gmail.com\">pilaralvarezsant@gmail.com<\/a><\/li>\n<\/ul>\n<\/ul>\n<p>&nbsp;<\/p>\n<p><img loading=\"lazy\" decoding=\"async\" class=\"alignleft  wp-image-122\" style=\"margin-left: 20px; margin-right: 20px;\" alt=\"marcelo carega (123x174)\" src=\"http:\/\/www.canzu.cl\/demo\/wp-content\/uploads\/2013\/10\/marcelo-carega-123x1741.jpg\" width=\"108\" height=\"139\" \/><\/p>\n<ul>\n<li class=\"negrita\"><strong> Marcelo Careaga Butter <\/strong><\/li>\n<li>Profesor de Historia y Geograf\u00eda,\u00a0Doctor en Filosof\u00eda y Ciencias de la Educaci\u00f3n.<\/li>\n<li class=\"espacio\">Universidad Cat\u00f3lica de la Sant\u00edsima Concepci\u00f3n<\/li>\n<li class=\"espacio\"><a href=\"mailto:mcareaga@ucsc.cl\">mcarega@ucsc.cl<\/a><\/li>\n<\/ul>\n<p>&nbsp;<\/p>\n<p><img loading=\"lazy\" decoding=\"async\" class=\"alignleft  wp-image-123\" style=\"margin-left: 20px; margin-right: 20px;\" alt=\"diego (149x174)\" src=\"http:\/\/www.canzu.cl\/demo\/wp-content\/uploads\/2013\/11\/pepe.jpg\" width=\"108\" height=\"139\" \/><\/p>\n<ul>\n<li class=\"negrita\"><strong>Patricio Lepe Carri\u00f3n<\/strong><\/li>\n<li>Docente<\/li>\n<li class=\"espacio\">Universidad Cat\u00f3lica de Temuco<\/li>\n<li class=\"espacio\"><a href=\"mailto:plepe@uct.cl\">plepe@uct.cl<\/a><\/li>\n<\/ul>\n<p>&nbsp;<br \/>\n<img loading=\"lazy\" decoding=\"async\" class=\"alignleft  wp-image-123\" style=\"margin-left: 20px; margin-right: 20px;\" alt=\"diego (149x174)\" src=\"http:\/\/www.canzu.cl\/demo\/wp-content\/uploads\/2013\/10\/diego-149x1741.jpg\" width=\"108\" height=\"139\" \/><\/p>\n<ul>\n<li class=\"negrita\"><strong> Diego Leal Alvarado<\/strong><\/li>\n<li>Profesor de Ciencias Naturales y Biolog\u00eda, Mg(c)\u00a0en Manejo de Recursos Naturales.<\/li>\n<li class=\"espacio\">Universidad Cat\u00f3lica de Temuco<\/li>\n<li class=\"espacio\"><a href=\"mailto:dleal.bio@gmail.com\">dleal.bio@gmail.com<\/a><\/li>\n<\/ul>\n<p>&nbsp;<\/p>\n<p><img loading=\"lazy\" decoding=\"async\" class=\"alignleft  wp-image-124\" style=\"margin-left: 20px; margin-right: 20px;\" alt=\"Juan\" src=\"http:\/\/www.canzu.cl\/demo\/wp-content\/uploads\/2013\/10\/Juan1.jpg\" width=\"108\" height=\"139\" \/><\/p>\n<ul>\n<li class=\"negrita\"><strong> Juan Jos\u00e9 O\u00f1ate<\/strong><\/li>\n<li>Ingeniero Civil Industrial<\/li>\n<li class=\"espacio\">Universidad Cat\u00f3lica de Temuco<\/li>\n<li class=\"espacio\"><a href=\"mailto:jonate@uct.cl\">jonate@uct.cl<\/a><\/li>\n<\/ul>\n<p>&nbsp;<\/p>\n<p><img loading=\"lazy\" decoding=\"async\" class=\"alignleft  wp-image-117\" style=\"margin-left: 20px; margin-right: 20px;\" alt=\"dq\" src=\"http:\/\/www.canzu.cl\/demo\/wp-content\/uploads\/2013\/10\/nn.jpg\" width=\"110\" height=\"139\" \/><\/p>\n<ul>\n<li><strong>Paulo Vel\u00e1squez Vel\u00e1squez<\/strong><\/li>\n<li>Profesor de educaci\u00f3n b\u00e1sica intercultural.<\/li>\n<li>Universidad Cat\u00f3lica de Temuco<\/li>\n<li><a href=\"mailto:pvelas17x19@gmail.com\">pvelas17x19@gmail.com<\/a><\/li>\n<\/ul>\n<p>&nbsp;<\/p>\n","protected":false},"excerpt":{"rendered":"<p>Director del Proyecto Dr. Daniel Quilaqueo Rapim\u00e1n Soci\u00f3logo, Doctor en Sociolog\u00eda Universidad Cat\u00f3lica de Temuco dquilaq@uct.cl &nbsp; Director Alterno Dr. Fernando Pe\u00f1a Cort\u00e9s Profesor de Historia y Geograf\u00eda, Doctor en Ciencias Ambientales \u00c1rea Planificaci\u00f3n Territorial Universidad Cat\u00f3lica de Temuco fpena@uct.cl &nbsp; Investigadores Dr. Segundo Quintriqueo Mill\u00e1n Profesor de Educaci\u00f3n B\u00e1sica, Doctor en Educaci\u00f3n Universidad Cat\u00f3lica [&hellip;]<\/p>\n","protected":false},"author":1,"featured_media":0,"parent":0,"menu_order":0,"comment_status":"closed","ping_status":"closed","template":"","meta":{"footnotes":""},"class_list":["post-42","page","type-page","status-publish","hentry"],"_links":{"self":[{"href":"https:\/\/milenio.uct.cl\/index.php?rest_route=\/wp\/v2\/pages\/42"}],"collection":[{"href":"https:\/\/milenio.uct.cl\/index.php?rest_route=\/wp\/v2\/pages"}],"about":[{"href":"https:\/\/milenio.uct.cl\/index.php?rest_route=\/wp\/v2\/types\/page"}],"author":[{"embeddable":true,"href":"https:\/\/milenio.uct.cl\/index.php?rest_route=\/wp\/v2\/users\/1"}],"replies":[{"embeddable":true,"href":"https:\/\/milenio.uct.cl\/index.php?rest_route=%2Fwp%2Fv2%2Fcomments&post=42"}],"version-history":[{"count":34,"href":"https:\/\/milenio.uct.cl\/index.php?rest_route=\/wp\/v2\/pages\/42\/revisions"}],"predecessor-version":[{"id":261,"href":"https:\/\/milenio.uct.cl\/index.php?rest_route=\/wp\/v2\/pages\/42\/revisions\/261"}],"wp:attachment":[{"href":"https:\/\/milenio.uct.cl\/index.php?rest_route=%2Fwp%2Fv2%2Fmedia&parent=42"}],"curies":[{"name":"wp","href":"https:\/\/api.w.org\/{rel}","templated":true}]}}