{"id":60,"date":"2013-10-15T19:17:07","date_gmt":"2013-10-15T19:17:07","guid":{"rendered":"http:\/\/www.canzu.cl\/demo\/?page_id=60"},"modified":"2013-12-12T15:29:54","modified_gmt":"2013-12-12T15:29:54","slug":"redes","status":"publish","type":"page","link":"https:\/\/milenio.uct.cl\/?page_id=60","title":{"rendered":"Redes"},"content":{"rendered":"<div style=\"text-align: justify;\">\nLa Red de Centros de Investigaci\u00f3n en Estudios Interculturales (RECIEI) surge de la necesidad de formalizar la colaboraci\u00f3n cient\u00edfica entre Centros de Investigaci\u00f3n que desarrollan investigaciones de vanguardia y la formaci\u00f3n de recursos humanos avanzados en el \u00e1mbito de la educaci\u00f3n, la interculturalidad y la territorialidad en contextos ind\u00edgenas. <\/p>\n<p>El prop\u00f3sito es aportar a la generaci\u00f3n de una epistemolog\u00eda, basada en resultados de investigaciones en contextos interculturales e ind\u00edgenas, mediante el intercambio cient\u00edfico. Para ello es necesario el di\u00e1logo de saberes entre los investigadores que integran la Red, quienes cuentan con proyectos de investigaci\u00f3n realizados y en desarrollo, publicaciones cient\u00edficas y formaci\u00f3n de capital humano avanzado en educaci\u00f3n, interculturalidad y territorialidad.<\/p>\n<p>El objetivo de la Red es realizar Jornadas Cient\u00edficas, que permitan la presentaci\u00f3n de resultados, discusi\u00f3n y avances de las investigaciones desarrolladas en cada Centro. La finalidad es propiciar la construcci\u00f3n de conocimientos de los investigadores participantes de la Red, para avanzar en la definici\u00f3n de acciones articuladas sobre intercambio y cooperaci\u00f3n cient\u00edfica. Esto permitir\u00e1 aportar a la construcci\u00f3n de una base de conocimientos, desde una cr\u00edtica epistemol\u00f3gica de la investigaci\u00f3n en contextos ind\u00edgenas y de interculturalidad como referente en Am\u00e9rica Latina, Am\u00e9rica del Norte y Espa\u00f1a. <\/p>\n<p>Los Centros de investigaci\u00f3n participantes de la Red son: <\/p>\n<p>1) Centro de Investigaci\u00f3n en Educaci\u00f3n en Contexto Ind\u00edgena e Intercultural (CIECII), de la Universidad Cat\u00f3lica de Temuco, Chile.<br \/>\n2) Centre Interuniversitaire d&#8217;\u00e9tudes et de Recherches Autochtones (CI\u00c9RA), de la Universidad Laval, Canad\u00e1.<br \/>\n3) Instituto de Investigaciones en Educaci\u00f3n (IIE), de la Universidad Veracruzana, M\u00e9xico.<br \/>\n4) Instituto de Investigaciones para el Desarrollo de la Educaci\u00f3n (INIDE), de la Universidad Iberoamericana, M\u00e9xico.<br \/>\n5) Equip de Recerca sobre Diversitat i Inclusi\u00f3 en Societats Complexes (ERDISC), de la Universidad Aut\u00f3noma de Barcelona, Espa\u00f1a.<br \/>\n6) Laboratorio de Investigaciones en Educaci\u00f3n (LABOEDUC), de la Universidad Nacional de Cuyo, Argentina. <\/p>\n<p>Los objetivos espec\u00edficos de la Red son: 1) Explicitar la construcci\u00f3n de una metodolog\u00edas de investigaci\u00f3n, basada en la epistemolog\u00eda de los contextos interculturales e ind\u00edgenas; 2) Trabajar con los investigadores participantes de la jornada, en la consolidaci\u00f3n de programas de postgrado en Interculturalidad; 3) Realizar publicaciones conjuntas entre los investigadores de la Red, fortaleciendo investigaciones comparativas, mediante el intercambio de investigadores. Todo ello, para implementar una plataforma de formaci\u00f3n de capital humano avanzando en contextos interculturales e ind\u00edgenas. <\/p>\n<p>El m\u00e9todo de trabajo para lograr los objetivos propuestos es la realizaci\u00f3n de Jornadas de Investigaci\u00f3n en Educaci\u00f3n, Interculturalidad y Territorialidad.<\/p>\n<p>Los resultados esperados son: la publicaci\u00f3n de un Acta de la Jornada de Investigaci\u00f3n y un libro sobre cr\u00edtica epistemol\u00f3gica de la educaci\u00f3n para contextos ind\u00edgena e intercultural.<\/p>\n<\/div>\n","protected":false},"excerpt":{"rendered":"<p>La Red de Centros de Investigaci\u00f3n en Estudios Interculturales (RECIEI) surge de la necesidad de formalizar la colaboraci\u00f3n cient\u00edfica entre Centros de Investigaci\u00f3n que desarrollan investigaciones de vanguardia y la formaci\u00f3n de recursos humanos avanzados en el \u00e1mbito de la educaci\u00f3n, la interculturalidad y la territorialidad en contextos ind\u00edgenas. El prop\u00f3sito es aportar a la [&hellip;]<\/p>\n","protected":false},"author":1,"featured_media":0,"parent":0,"menu_order":0,"comment_status":"closed","ping_status":"closed","template":"","meta":{"footnotes":""},"class_list":["post-60","page","type-page","status-publish","hentry"],"_links":{"self":[{"href":"https:\/\/milenio.uct.cl\/index.php?rest_route=\/wp\/v2\/pages\/60"}],"collection":[{"href":"https:\/\/milenio.uct.cl\/index.php?rest_route=\/wp\/v2\/pages"}],"about":[{"href":"https:\/\/milenio.uct.cl\/index.php?rest_route=\/wp\/v2\/types\/page"}],"author":[{"embeddable":true,"href":"https:\/\/milenio.uct.cl\/index.php?rest_route=\/wp\/v2\/users\/1"}],"replies":[{"embeddable":true,"href":"https:\/\/milenio.uct.cl\/index.php?rest_route=%2Fwp%2Fv2%2Fcomments&post=60"}],"version-history":[{"count":5,"href":"https:\/\/milenio.uct.cl\/index.php?rest_route=\/wp\/v2\/pages\/60\/revisions"}],"predecessor-version":[{"id":284,"href":"https:\/\/milenio.uct.cl\/index.php?rest_route=\/wp\/v2\/pages\/60\/revisions\/284"}],"wp:attachment":[{"href":"https:\/\/milenio.uct.cl\/index.php?rest_route=%2Fwp%2Fv2%2Fmedia&parent=60"}],"curies":[{"name":"wp","href":"https:\/\/api.w.org\/{rel}","templated":true}]}}