{"id":84,"date":"2013-10-15T19:18:27","date_gmt":"2013-10-15T19:18:27","guid":{"rendered":"http:\/\/www.canzu.cl\/demo\/?page_id=84"},"modified":"2013-10-29T13:52:20","modified_gmt":"2013-10-29T13:52:20","slug":"proyectos","status":"publish","type":"page","link":"https:\/\/milenio.uct.cl\/?page_id=84","title":{"rendered":"Proyectos"},"content":{"rendered":"<p>A continuaci\u00f3n se adjunta las publicaciones desarrolladas por el Centro de Investigaci\u00f3n en Educaci\u00f3n en Contextos Ind\u00edgena e Intercultural (CECII):<\/p>\n<table id=\"tabla_proyectos\" width=\"100%\" cellspacing=\"0\" cellpadding=\"4\">\n<thead>\n<tbody>\n<tr>\n<th scope=\"col\" width=\"5%\">A\u00f1o<\/th>\n<th scope=\"col\" width=\"40%\">T\u00edtulo Proyecto<\/th>\n<th scope=\"col\" width=\"10%\">Fondo<\/th>\n<th scope=\"col\" width=\"25%\">Director<\/th>\n<th scope=\"col\" width=\"10%\">Duraci\u00f3n<\/th>\n<\/tr>\n<\/thead>\n<tr id=\"item_17\">\n<td width=\"5%\">2013<\/td>\n<td width=\"40%\">Huellas de Neruda: Modelo tecnol\u00f3gico de gesti\u00f3n territorial inteligente para la puesta en valor de una ruta patrimonial en Temuco, Regi\u00f3n de La Araucan\u00eda.<\/td>\n<td width=\"10%\">INNOVA CORFO<\/td>\n<td width=\"25%\">Fernando Pe\u00f1a Cort\u00e9s<\/td>\n<td width=\"10%\">24 Meses<\/td>\n<\/tr>\n<tr id=\"item_17\">\n<td width=\"5%\">2012<\/td>\n<td width=\"40%\">KimGen-Red: Aprendizaje de la geograf\u00eda local y  global, y de sus riesgos naturales, utilizando sistemas colaborativos m\u00f3viles multiplataforma.<\/td>\n<td width=\"10%\">FONDEF TIC EDU<\/td>\n<td width=\"25%\">Fernando Pe\u00f1a Cort\u00e9s<\/td>\n<td width=\"10%\">24 Meses<\/td>\n<\/tr>\n<tr id=\"item_17\">\n<td width=\"5%\">2011<\/td>\n<td width=\"40%\">Determinaci\u00f3n de indicadores geogr\u00e1ficos &#8211; ambientales y de riesgo natural en el paisaje de La Araucan\u00eda y Los R\u00edos: Herramientas de soporte decisional para la planificaci\u00f3n y gesti\u00f3n territorial en sistemas costeros.<\/td>\n<td width=\"10%\">FONDECYT REGULAR<\/td>\n<td width=\"25%\">Fernando Pe\u00f1a Cort\u00e9s<\/td>\n<td width=\"10%\">48 Meses<\/td>\n<\/tr>\n<tr id=\"item_17\">\n<td width=\"5%\">2011<\/td>\n<td width=\"40%\">Epistemolog\u00eda del conocimiento mapuche y el escolar: Un an\u00e1lisis desde la pedagog\u00eda intercultural, la geograf\u00eda y sociolog\u00eda educacional<\/td>\n<td width=\"10%\">FONDECYT REGULAR<\/td>\n<td width=\"25%\">Segundo Quintriqueo Millan<\/td>\n<td width=\"10%\">36 Meses<\/td>\n<\/tr>\n<tr id=\"item_17\">\n<td width=\"5%\">2011<\/td>\n<td width=\"40%\">Tipificaci\u00f3n de los m\u00e9todos educativos mapuches: Bases para una educaci\u00f3n intercultural.<\/td>\n<td width=\"10%\">FONDECYT REGULAR<\/td>\n<td width=\"25%\">Daniel Quilaqueo Rapiman<\/td>\n<td width=\"10%\">36 Meses<\/td>\n<\/tr>\n<tr id=\"item_17\">\n<td width=\"5%\">2010<\/td>\n<td width=\"40%\">Riesgos Naturales: Una aproximaci\u00f3n didactico-digital para su ense\u00f1anza aprendizaje, a trav\u00e9s de la integraci\u00f3n de geom\u00e1tica, simulaci\u00f3n digital y entornos colaborativos.<\/td>\n<td width=\"10%\">FONDEF TIC EDU<\/td>\n<td width=\"25%\">Fernando Pe\u00f1a Cort\u00e9s<\/td>\n<td width=\"10%\">24 Meses<\/td>\n<\/tr>\n<tr id=\"item_17\">\n<td width=\"5%\">2008<\/td>\n<td width=\"40%\">Dise\u00f1o, desarrollo y validaci\u00f3n de material educativo con soporte rob\u00f3tico para contextos interculturales<\/td>\n<td width=\"10%\">FONDEF TIC EDU<\/td>\n<td width=\"25%\">Pedro Hepp Kuschel<\/td>\n<td width=\"10%\">24 Meses<\/td>\n<\/tr>\n<tr id=\"item_17\">\n<td width=\"5%\">2008<\/td>\n<td width=\"40%\">Dise\u00f1o, desarrollo y validaci\u00f3n de material educativo con soporte rob\u00f3tico para contextos interculturales<\/td>\n<td width=\"10%\">FONDEF TIC EDU<\/td>\n<td width=\"25%\">Pedro Hepp Kuschel<\/td>\n<td width=\"10%\">24 Meses<\/td>\n<\/tr>\n<tr id=\"item_17\">\n<td width=\"5%\">2008<\/td>\n<td width=\"40%\">Dise\u00f1o, desarrollo y validaci\u00f3n de material educativo con soporte rob\u00f3tico para contextos interculturales<\/td>\n<td width=\"10%\">FONDEF TIC EDU<\/td>\n<td width=\"25%\">Pedro Hepp Kuschel<\/td>\n<td width=\"10%\">24 Meses<\/td>\n<\/tr>\n<tr class=\"alternate\" id=\"item_16\">\n<td width=\"5%\">2009<\/td>\n<td width=\"40%\">Construcci\u00f3n discursiva de la identidad \u00e9tnica en adolescentes mapuches urbanos de las ciudades de Temuco y Santiago<\/td>\n<td width=\"10%\">FONDECYT REGULAR<\/td>\n<td width=\"25%\">Mar\u00eda Eugenia Merino Dickinson<\/td>\n<td width=\"10%\">36 Meses<\/td>\n<\/tr>\n<tr id=\"item_17\">\n<td width=\"5%\">2008<\/td>\n<td width=\"40%\">Dise\u00f1o, desarrollo y validaci\u00f3n de material educativo con soporte rob\u00f3tico para contextos interculturales<\/td>\n<td width=\"10%\">FONDEF TIC EDU<\/td>\n<td width=\"25%\">Pedro Hepp Kuschel<\/td>\n<td width=\"10%\">24 Meses<\/td>\n<\/tr>\n<tr class=\"alternate\" id=\"item_18\">\n<td width=\"5%\">2008<\/td>\n<td width=\"40%\">Racionalidad del m\u00e9todo educativo mapuche desde la memoria social de kimches: Fundamentos para una educaci\u00f3n intercultural<\/td>\n<td width=\"10%\">FONDECYT REGULAR<\/td>\n<td width=\"25%\">Daniel Quilaqueo Rapim\u00e1n<\/td>\n<td width=\"10%\">36 Meses<\/td>\n<\/tr>\n<tr id=\"item_19\">\n<td width=\"5%\">2008<\/td>\n<td width=\"40%\">Efectos antr\u00f3picos sobre el paisaje costero de la Araucan\u00eda: geoecolog\u00eda aplicada a la planificaci\u00f3n y gesti\u00f3n territorial en cuencas hidrogr\u00e1ficas<\/td>\n<td width=\"10%\">FONDECYT REGULAR<\/td>\n<td width=\"25%\">Fernando Pe\u00f1a Cort\u00e9s<\/td>\n<td width=\"10%\">36 Meses<\/td>\n<\/tr>\n<tr class=\"alternate\" id=\"item_20\">\n<td width=\"5%\">2007<\/td>\n<td width=\"40%\">Distancia entre el conocimiento mapuche y occidental en la educaci\u00f3n escolar, hacia una base de conocimientos para la educaci\u00f3n intercultural en contexto mapuche<\/td>\n<td width=\"10%\">FONDECYT REGULAR INICIACI\u00d3N<\/td>\n<td width=\"25%\">Segundo Quintriqueo Mill\u00e1n<\/td>\n<td width=\"10%\">36 Meses<\/td>\n<\/tr>\n<tr id=\"item_21\">\n<td width=\"5%\">2006<\/td>\n<td width=\"40%\">El prejuicio \u00e9tnico en el discurso de los no mapuches de la ciudad de Temuco. Un aporte a las relaciones internaculturales entre mapuches y no mapuches<\/td>\n<td width=\"10%\">FONDECYT INCENTIVO COOPERACI\u00d3N INTERNACIONAL<\/td>\n<td width=\"25%\">Mar\u00eda Merino Dickinson<\/td>\n<td width=\"10%\">12 Meses<\/td>\n<\/tr>\n<tr class=\"alternate\" id=\"item_22\">\n<td width=\"5%\">2005<\/td>\n<td width=\"40%\">Saberes mapuches y conocimientos educativos vern\u00e1culos transmitidos por Kimches. Sistematizaci\u00f3n para una educaci\u00f3n intercultural<\/td>\n<td width=\"10%\">FONDECYT REGULAR<\/td>\n<td width=\"25%\">Daniel Quilaqueo Rapim\u00e1n<\/td>\n<td width=\"10%\">36 Meses<\/td>\n<\/tr>\n<tr id=\"item_23\">\n<td width=\"5%\">2005<\/td>\n<td width=\"40%\">Discriminaci\u00f3n percibida presente en el discurso de mapuches y sus efectos psicosociales: an\u00e1lisis del discurso de mapuches residentes en Temuco y Santiago<\/td>\n<td width=\"10%\">FONDECYT REGULAR<\/td>\n<td width=\"25%\">Mar\u00eda Merino Dickinson<\/td>\n<td width=\"10%\">36 Meses<\/td>\n<\/tr>\n<\/tbody>\n<\/table>\n<p><!--\/tab--><\/p>\n","protected":false},"excerpt":{"rendered":"<p>A continuaci\u00f3n se adjunta las publicaciones desarrolladas por el Centro de Investigaci\u00f3n en Educaci\u00f3n en Contextos Ind\u00edgena e Intercultural (CECII): A\u00f1o T\u00edtulo Proyecto Fondo Director Duraci\u00f3n 2013 Huellas de Neruda: Modelo tecnol\u00f3gico de gesti\u00f3n territorial inteligente para la puesta en valor de una ruta patrimonial en Temuco, Regi\u00f3n de La Araucan\u00eda. INNOVA CORFO Fernando Pe\u00f1a [&hellip;]<\/p>\n","protected":false},"author":1,"featured_media":0,"parent":0,"menu_order":0,"comment_status":"closed","ping_status":"closed","template":"","meta":{"footnotes":""},"class_list":["post-84","page","type-page","status-publish","hentry"],"_links":{"self":[{"href":"https:\/\/milenio.uct.cl\/index.php?rest_route=\/wp\/v2\/pages\/84"}],"collection":[{"href":"https:\/\/milenio.uct.cl\/index.php?rest_route=\/wp\/v2\/pages"}],"about":[{"href":"https:\/\/milenio.uct.cl\/index.php?rest_route=\/wp\/v2\/types\/page"}],"author":[{"embeddable":true,"href":"https:\/\/milenio.uct.cl\/index.php?rest_route=\/wp\/v2\/users\/1"}],"replies":[{"embeddable":true,"href":"https:\/\/milenio.uct.cl\/index.php?rest_route=%2Fwp%2Fv2%2Fcomments&post=84"}],"version-history":[{"count":4,"href":"https:\/\/milenio.uct.cl\/index.php?rest_route=\/wp\/v2\/pages\/84\/revisions"}],"predecessor-version":[{"id":242,"href":"https:\/\/milenio.uct.cl\/index.php?rest_route=\/wp\/v2\/pages\/84\/revisions\/242"}],"wp:attachment":[{"href":"https:\/\/milenio.uct.cl\/index.php?rest_route=%2Fwp%2Fv2%2Fmedia&parent=84"}],"curies":[{"name":"wp","href":"https:\/\/api.w.org\/{rel}","templated":true}]}}