{"id":97,"date":"2013-10-15T19:15:23","date_gmt":"2013-10-15T19:15:23","guid":{"rendered":"http:\/\/www.canzu.cl\/demo\/?page_id=97"},"modified":"2014-08-04T14:12:33","modified_gmt":"2014-08-04T14:12:33","slug":"publicaciones","status":"publish","type":"page","link":"https:\/\/milenio.uct.cl\/?page_id=97","title":{"rendered":"Publicaciones"},"content":{"rendered":"<p><strong>FERNANDO PE\u00d1A CORT\u00c9S<\/strong><\/p>\n<p><a href=\"wp-content\/uploads\/Publicaciones\/FP\/1_Pincheira-Ulbrich_et_al.2009_tama\u00f1o_forma_arboles_arbustos.pdf\">Pincheira Ulbrich J., J R Rau, F Pe\u00f1a- Cortes (2009)<\/a><br \/>\nTama\u00f1o y forma de fragmentos de bosque y su relaci\u00f3n con la riqueza de especies de \u00e1rboles y arbustos. Revista Internacional de Bot\u00e1nica Experimental Phyton 78:121-128 (ISI)<\/p>\n<p><a href=\"wp-content\/uploads\/Publicaciones\/FP\/2_Bertran_et_al2010_distrib_macrofauna_bertran_et_al1.pdf\">Bertr\u00e1n C., L. Vargas-Chacoff, F. Pe\u00f1a &#8211; Cort\u00e9s, R. Schlatter, J. Tapia, E. Hauenstein (2010)<\/a><br \/>\nDistribuci\u00f3n de la macrofauna bent\u00f3nica en el lago costero Budi, sur de Chile. Revista de Biolog\u00eda Marina y Oceanograf\u00eda. 45(2):253-243. (ISI)<\/p>\n<p><a href=\"wp-content\/uploads\/Publicaciones\/FP\/3_Montenegro_Pe\u00f1a-Cortes2010_gestion_riesgo_tsunami.pdf\">Montenegro T., F. Pe\u00f1a &#8211; Cort\u00e9s, (2010)<\/a><br \/>\nGesti\u00f3n de la emergencia ante eventos de inundaci\u00f3n por Tsunami en Chile: el caso de Puerto Saavedra: Revista de Geograf\u00eda Norte Grande 47:63-80 (ISI)<\/p>\n<p><a href=\"wp-content\/uploads\/Publicaciones\/FP\/4_Latsague_et_al2010_propagacion_vegetativa_pitra_temo.pdf\">Latsague M., P. S\u00e1ez, E. Hauenstein, F. Pe\u00f1a- Cort\u00e9s (2010)<\/a><br \/>\nPropagaci\u00f3n vegetativa de Myrceugenia excucca y Blepharocalyx cruckshanksii, especies dominantes del bosque pantanoso de la depresi\u00f3n intermedia de la regi\u00f3n de LaAraucan\u00eda, Chile. Bosque 31 (3): 247-251 (ISI)<\/p>\n<p><a href=\"wp-content\/uploads\/Publicaciones\/FP\/5_Pe\u00f1a-Cortes_et_al_2011_swamp_forest_coastal_zone_araucania.pdf\">Pe\u00f1a- Cort\u00e9s F., J. Pincheira- Ulbrich, C. Bertran, J. Tapia, E. Hauenstein, E. Fernandez, D. Rozas (2011)<\/a><br \/>\nA study of the geographic ditribution of swamp forest in the costal zone of the Araucan\u00eda Regi\u00f3n, Chile. Applied Geography 31: 545-555. (ISI)<\/p>\n<p><a href=\"https:\/\/milenio.uct.cl\/wp-content\/uploads\/Publicaciones\/FP\/6_Torres_Pe\u00f1a-Cortes_2011_biomasa_forestal_lago_Ranco.pdf\">Torres O., F. Pe\u00f1a- Cort\u00e9s (2011)<\/a><br \/>\nZonificaci\u00f3n del potencial energ\u00e9tico de la biomasa residual forestal en la cuenca del lago Ranco, Chile. Antecedentes para la planificaci\u00f3n energ\u00e9tica regional. Bosque 32(1): 77-84 (ISI)<\/p>\n<p><a href=\"https:\/\/milenio.uct.cl\/wp-content\/uploads\/Publicaciones\/FP\/7_Hermosilla_et_al2011_oferta_turistica_Lago_Ranco.pdf\">Hermosilla K,. F. Pe\u00f1a- Cort\u00e9s, M. Gutierrez, M. Escalona (2011)<\/a><br \/>\nCaracterizaci\u00f3n de la oferta tur\u00edstica y zonificaci\u00f3n en la cuenca del lago Ranco, Sur de Chile, un destino de naturaleza. Estudios y perspectivas en turismo. 20(4): 943-959. (SCIELO)<\/p>\n<p><a href=\"https:\/\/milenio.uct.cl\/wp-content\/uploads\/Publicaciones\/FP\/8_Pe\u00f1a-Cortes_et_al2011_cambio_uso_suelo_geosistemas_boroa.pdf\">Pe\u00f1a-Cort\u00e9s F,. M. Escalona, J. Pincheira, G. Rebolledo (2011)<\/a><br \/>\nCambios de uso de suelo en los geosistemas de la cuenca costera del r\u00edo Boroa entre 1994 y 2004, Chile. Revista de la Facultad de Ciencias Agrarias Universidad de Cuyo, 43(2): 35-45) (ISI)<\/p>\n<p><a href=\"https:\/\/milenio.uct.cl\/wp-content\/uploads\/Publicaciones\/FP\/8_Pe\u00f1a-Cortes_et_al2011_cambio_uso_suelo_geosistemas_boroa.pdf\">Gutierrez G., F. Pe\u00f1a \u2013 Cort\u00e9s (2011)<\/a><br \/>\nEstado y situaci\u00f3n actual de los planes reguladores comunales en la regi\u00f3n de La Araucan\u00eda (Chile). Documentos y aportes en administraci\u00f3n p\u00fablica y gesti\u00f3n estatal DAAPGE, 11(16):97-119 (Scielo)<\/p>\n<p><a href=\"https:\/\/milenio.uct.cl\/wp-content\/uploads\/Publicaciones\/FP\/10_Escalona-Ulloa_et_al2012_oferta_turistica_borde_costero.pdf\">Escalona M., F. Pe\u00f1a \u2013 Cort\u00e9s, Rodrigo Hiriarte (2012)<\/a><br \/>\nOferta tur\u00edstica y perfil sociocultural de los empresarios tur\u00edsticos del borde costero de La Araucan\u00eda, Chile. Perspectivas en Turismo. 21. 306-321. (SCIELO)<\/p>\n<p><a href=\"https:\/\/milenio.uct.cl\/wp-content\/uploads\/Publicaciones\/FP\/11_Fierro_et_al2012_benthic_macroinvertebrate_coastal.pdf\">Fierro P., C Beltran, M Mercado, F Pe\u00f1a -Cort\u00e9s, J Tapia, E Hauenstein, L Vargas Chacoff (2012)<\/a><br \/>\nBenthic macroinvertebrate assemblages as indicators of water quality through application of a modified biotic index in a spatio-seasonal context in a coastal basin i southern Chile. Revista de Biolog\u00eda Marina y Oceanograf\u00eda 47 (1): 23-33 (ISI)<\/p>\n<p><a href=\"https:\/\/milenio.uct.cl\/wp-content\/uploads\/Publicaciones\/FP\/12-Heavy-metals-in-the-liver-and-muscle-of-micropogonias-manni-fish-from-Budi-Lake.-Araucania-Region-Chile-potential-risk-for-humans.pdf\">Tapia J., L. Vargas Chacoff, C. Bertran, F. Pe\u00f1a- Cort\u00e9s, E. Hauenstein, R. Schlatter, C. Jimenez, C .Tapia. (2012)<\/a><br \/>\nHeavy metals in the liver and muscle of micropogonias manni fish from Budi Lake. Araucania Region, Chile: potential risk for humans. Environmental Monitoring and Assessment, 184:3141- 3151. (ISI)<\/p>\n<p><a href=\"https:\/\/milenio.uct.cl\/wp-content\/uploads\/Publicaciones\/FP\/13_Alfaro_Pe\u00f1a-Cortes2012_Potencial_acuicola_turismo.pdf\">Alfaro D., F. Pe\u00f1a-Cort\u00e9s (2012)<\/a><br \/>\nPotencial acu\u00edcola en \u00e1reas preandinas de la Regi\u00f3n de La Araucan\u00eda: conflictos de uso con la actividad tur\u00edstica. Revista de Geograf\u00eda Norte Grande, 51: 137-157. (ISI)<\/p>\n<p><a href=\"https:\/\/milenio.uct.cl\/wp-content\/uploads\/Publicaciones\/FP\/14_Fuente_Pe\u00f1a-Cortes2012_programa_origenes_dos_metodolgias_percepcion_actores.pdf\">Fuentes P., F. Pe\u00f1a-Cort\u00e9s (2012)<\/a><br \/>\nPrograma or\u00edgenes en territorio mapuche: comparaci\u00f3n de dos metodolog\u00edas de desarrollo desde la percepci\u00f3n de los actores encargados de su ejecuci\u00f3n. Documentos y aportes en Administraci\u00f3n P\u00fablica y Gesti\u00f3n Estatal DAAPGE 12(18):27-58 (Scielo)<\/p>\n<p><a href=\"https:\/\/milenio.uct.cl\/wp-content\/uploads\/Publicaciones\/FP\/15-Bertr\u00e1n-C.-C.-Jimenez-P.-Fierro-F.-Pe\u00f1a-Cort\u00e9s-J.-Tapia-E.-Hauenstein-L.-Vargas-2013-Alimentaci\u00f3n-de-Micropogonias-furnieri-Osteichthyes-sciaenidae-en-el-lago-costero-Budi.pdf\">Bertr\u00e1n C,. C. Jimenez, P. Fierro, F. Pe\u00f1a -Cort\u00e9s, J. Tapia, E. Hauenstein, L. Vargas (2013)<\/a><br \/>\nAlimentaci\u00f3n de Micropogonias furnieri (Osteichthyes: sciaenidae) en el lago costero Budi, Sur de Chile. Revista de Biolog\u00eda Marina y Oceanograf\u00eda, 48(1): 193-197 (ISI)<\/p>\n<p><a href=\"https:\/\/milenio.uct.cl\/wp-content\/uploads\/Publicaciones\/FP\/16_Munita_et_al2013_aequeologia_planificacion_territorial_Chile.pdf\">Munita D,. F. Pe\u00f1a \u2013Cort\u00e9s (2013)<\/a><br \/>\nArqueolog\u00eda y planificaci\u00f3n territorial en Chile, situaci\u00f3n actual y perspectivas. El caso de estudio de la provincia de Caut\u00edn, Regi\u00f3n de La Araucan\u00eda. Chungar\u00e1 45(2): 293-310 (ISI)<\/p>\n<p><strong>DANIEL QUILAQUEO RAPIMAN<\/strong><\/p>\n<p><a href=\"https:\/\/milenio.uct.cl\/wp-content\/uploads\/Publicaciones\/DQ\/1.-Meta-estereotipos-sobre-los-ind\u00edgenas-mapuches-de-Chile.-Interdisciplinaria..pdf\">Saiz J. ME. Merino ME., D. Quilaqueo (2009)<\/a><br \/>\nMeta-estereotipos sobre los ind\u00edgenas mapuches de Chile. Interdisciplinaria. 26(1): 23-48 (Scielo)<\/p>\n<p><a href=\"https:\/\/milenio.uct.cl\/wp-content\/uploads\/Publicaciones\/DQ\/2.-Saber-pedag\u00f3gico-y-disciplinario-del-educador-de-infancia.-Un-estudio-en-el-sur-de-Chile.-Perfiles-Educativos..pdf\">Morales S,. D. Quilaqueo, P. Uribe (2010)<\/a><br \/>\nSaber pedag\u00f3gico y disciplinario del educador de infancia. Un estudio en el sur de Chile. Perfiles Educativos.49-66. (Scielo)<\/p>\n<p><a href=\"https:\/\/milenio.uct.cl\/wp-content\/uploads\/Publicaciones\/DQ\/3-Saberes-educativos-mapuches-un-an\u00e1lisis-desde-la-perspectiva-de-los-kimches..pdf\">Quilaqueo D., S., Quintriqueo (2010)<\/a><br \/>\nSaberes educativos mapuches: un an\u00e1lisis desde la perspectiva de los kimches. Polis. 9(26): 337-360. (Scielo)<\/p>\n<p><a href=\"wp-content\/uploads\/2014\/06\/interculturalidad-en-contexto-mapuche-final-30-09.pdf\">Quilaqueo D., C. Fern\u00e1ndez, S. Quintriqueo (2010) (Eds.)<\/a><br \/>\nInterculturalidad en Contexto Mapuche, Editorial de la Universidad Nacional de Comahue, Buenos Aires, Argentina. 284pp.<\/p>\n<p><a href=\"https:\/\/milenio.uct.cl\/wp-content\/uploads\/Publicaciones\/DQ\/4-Contenido-de-aprendizajes-educativos-mapuches-para-el-marco-conceptual-de-un-curr\u00edculum-escolar-intercultural..pdf\">Quilaqueo D., S. Quintriqueo, D. San Mart\u00edn (2011)<\/a><br \/>\nContenido de aprendizajes educativos mapuches para el marco conceptual de un curr\u00edculum escolar intercultural. Estudios Pedag\u00f3gicos 37(2): 233-248 (Scielo)<\/p>\n<p><a href=\"https:\/\/milenio.uct.cl\/wp-content\/uploads\/Publicaciones\/DQ\/5-Conceptos-de-tiempo-y-espacio-entre-los-mapuches-racionalidad-educativa.pdf\">Torres H., D. Quilaqueo (2011)<\/a><br \/>\nConceptos de tiempo y espacio entre los mapuches: racionalidad educativa. Revista Papeles de Trabajo, Centro de Estudios Interdisciplinarios en etnolinguistica y antropolog\u00eda socio- cultural, 22: 1-18 (Scielo)<\/p>\n<p><a href=\"https:\/\/milenio.uct.cl\/wp-content\/uploads\/Publicaciones\/DQ\/6-Habitus-profesional-y-relaciones-intersubjetivas-entre-profesores-principiantes-y-experimentados..pdf\">San Martin D., D. Quilaqueo (2012)<\/a><br \/>\nHabitus profesional y relaciones intersubjetivas entre profesores principiantes y experimentados. Perfiles Educativos. 136: 63-78 (Scielo)<\/p>\n<p><a href=\"https:\/\/milenio.uct.cl\/wp-content\/uploads\/Publicaciones\/DQ\/7-Saberes-educativos-mapuches-racionalidad-apoyada-en-la-memoria-social-de-los-kimches..pdf\">Quilaqueo D. (2012)<\/a><br \/>\nSaberes educativos mapuches: racionalidad apoyada en la memoria social de los Kimches. Atenea 505: 79-102 (ISI)<\/p>\n<p><a href=\"https:\/\/milenio.uct.cl\/wp-content\/uploads\/Publicaciones\/DQ\/8-Categorisation-of-Mapuche-ways-of-conceiving-time-and-space.pdf\">Quilaqueo D,. H. Torres (2013)<\/a><br \/>\nCategorisation of Mapuche ways of conceiving time and space: Educational knowledge of the Kimches. Diapora indigenous and minority education, 7: 84-98 (Scopus)<\/p>\n<p><a href=\"wp-content\/uploads\/2014\/06\/MULTICULTURALIDAD-E-INTERCULTURALIDAD-ALPHA.pdf\">Quilaqueo D., H. Torres (2013)<\/a><br \/>\nMulticulturalidad e interculturalidad: Desaf\u00edos epistemol\u00f3gicos de la escolarizaci\u00f3n desarrollada en contextos ind\u00edgenas. Alpha 37: 285-300<\/p>\n<p><a href=\"wp-content\/uploads\/2014\/06\/SABERES-EDUC-MAPUCHES-CHCUNGARA-QUILAQUEO_462.pdf\">Quilaqueo D., S. Quintriqueo, H. Torres, G. Mu\u00f1oz (2014)<\/a><br \/>\nSaberes educativos mapuches: Aportes epist\u00e9micos para un enfoque de educaci\u00f3n intercultural. Chungara, Revista de Antropolog\u00eda Chilena. Volumen 46, N\u00b02, 2014. P\u00e1ginas 271-283.<\/p>\n<p><strong>SEGUNDO QUINTRIQUEO MILL\u00c1N<\/strong><\/p>\n<p><a href=\"https:\/\/milenio.uct.cl\/wp-content\/uploads\/Publicaciones\/SQ\/1-Implicancias-de-un-modelo-curricular-monocltural-en-la-construcci\u00f3n-de-la-identidad-sociocultural-de-alumnos-mapuches-de-la-IX-Regi\u00f3n-de-La-Araucan\u00eda.pdf\">Quintriqueo S., M. Mc Ginity (2009)<\/a><\/p>\n<p>Implicancias de un modelo curricular monocultural en la construcci\u00f3n de la identidad sociocultural de alumnos mapuches de la IX Regi\u00f3n de La Araucan\u00eda, Chile. Revista Estudios Pedag\u00f3gicos, Vol. XXX, N\u00b0 2; 173-188. (Scielo)<\/p>\n<p><a href=\"https:\/\/milenio.uct.cl\/wp-content\/uploads\/Publicaciones\/SQ\/2-Saberes-educativos-mapuches-un-an\u00e1lisis-desde-la-perspectiva-de-los-kimches..pdf\">Quilaqueo D., S. Quintriqueo (2010)<\/a><br \/>\nSaberes educativos mapuches: un an\u00e1lisis desde la perspectiva de los Kimches. Polis. 9(26): 337-360. (Scielo)<\/p>\n<p><a href=\"https:\/\/milenio.uct.cl\/wp-content\/uploads\/2014\/08\/4049i-Implicancias-de-un-modelo-curricular.indd_.pdf\">Quintriqueo S (2010)<\/a><br \/>\nImplicancias de un modelo curricular monocultural en contexto mapuche. Escuela de Educaci\u00f3n B\u00e1sica, Universidad Cat\u00f3lica de Temuco, Chile.<\/p>\n<p><a href=\"https:\/\/milenio.uct.cl\/wp-content\/uploads\/Publicaciones\/SQ\/3-Contenido-de-aprendizajes-educativos-mapuches-para-el-marco-conceptual-de-un-curr\u00edculum-escolar-intercultural..pdf\">Quilaqueo D., S. Quintriqueo, D. San Mart\u00edn (2011)<\/a><br \/>\nContenido de aprendizajes educativos mapuches para el marco conceptual de un curr\u00edculum escolar intercultural. Estudios Pedag\u00f3gicos 37(2): 233-248 (Scielo)<\/p>\n<p><a href=\"https:\/\/milenio.uct.cl\/wp-content\/uploads\/Publicaciones\/SQ\/4-Articulaci\u00f3n-entre-el-conocimiento-cultural-mapuche-y-el-conocimiento-escolar-en-ciencia.-Educaci\u00f3n-y-Educadores.pdf\">Quintriqueo S., H. Torres, M. Gutierrez, D. S\u00e1ez (2011)<\/a><br \/>\nArticulaci\u00f3n entre el conocimiento cultural mapuche y el conocimiento escolar en ciencia. Educaci\u00f3n y Educadores. Educci\u00f3n y Educadores. 14(3): 475-492 (Scielo)<\/p>\n<p><a href=\"https:\/\/milenio.uct.cl\/wp-content\/uploads\/Publicaciones\/SQ\/5-Distancia-entre-el-conocimiento-mapuche-y-el-conocimiento-escolar-en-contexto-mapuche..pdf\">Quintriqueo S., H. Torres (2012)<\/a><br \/>\nDistancia entre el conocimiento mapuche y el conocimiento escolar en contexto mapuche. Revista Electr\u00f3nica de Investigaci\u00f3n Educativa. 14(1):15-31 (Scielo)<\/p>\n<p><a href=\"https:\/\/milenio.uct.cl\/wp-content\/uploads\/Publicaciones\/SQ\/6-Conocimientos-sobre-colorantes-vegetales.pdf\">Quintriqueo S., M. Gutierrez, A. Contreras (2012)<\/a><br \/>\nConocimientos sobre colorantes vegetales. Perfiles Educativos. 34, 108-123 (Scopus)<\/p>\n<p><a href=\"https:\/\/milenio.uct.cl\/wp-content\/uploads\/Publicaciones\/SQ\/7-Construcci\u00f3n-y-conocimiento-mapuche-y-su-relaci\u00f3n-con-el-conocimiento-escolar.pdf\">Quintriqueo S., H. Torres (2013)<\/a><br \/>\nConstrucci\u00f3n y conocimiento mapuche y su relaci\u00f3n con el conocimiento escolar. Revista Estudios Pedag\u00f3gicos 39(1):199-216 (scopus)<\/p>\n<p><a href=\"wp-content\/uploads\/2014\/06\/CONTRIBUCION-en-DUCACAO-E-pESQUISA.pdf\">Quintriqueo S., D. Quilaqueo, H. Torres (2014)<\/a><br \/>\nContribuci\u00f3n para la ense\u00f1anza de las ciencias naturales: saber mapuche y escolar. Educ. Pesqui., Sao Paulo, Ahead of print, fev. 2014.<\/p>\n<p><a href=\"wp-content\/uploads\/2014\/06\/FORMACI\u00d3N-DEL-PROFESORADO-EN-EDUCCI\u00d3N-INTERCULTURAL.pdf\">Quintriqueo S., D. Quilaqueo, P. Lepe-Carri\u00f3n, E. Riquelme, M. Guti\u00e9rrez, F. Pe\u00f1a-Cort\u00e9s (2014)<\/a><br \/>\nFormaci\u00f3n del profesorado en educaci\u00f3n intercultural en Am\u00e9rica Latina. El caso de Chile. Revista Electr\u00f3nica Interuniversitaria de Formaci\u00f3n de Profesorado, 17(2), 201-217.<\/p>\n<p><strong>MARITZA GUTIRREZ SURJAN<\/strong><\/p>\n<p><a href=\"https:\/\/milenio.uct.cl\/wp-content\/uploads\/Publicaciones\/MS\/1-Articulaci\u00f3n-entre-el-conocimiento-cultural-mapuche-y-el-conocimiento-escolar-en-ciencia.-Educaci\u00f3n-y-Educadores.pdf\">Quintriqueo S., H. Torres, M. Gutierrez, D. S\u00e1ez (2011)<\/a><br \/>\nArticulaci\u00f3n entre el conocimiento cultural mapuche y el conocimiento escolar en ciencia. Educaci\u00f3n y Educadores. Educci\u00f3n y Educadores. 14(3): 475-492 (Scielo)<\/p>\n<p><a href=\"https:\/\/milenio.uct.cl\/wp-content\/uploads\/Publicaciones\/MS\/2-Conocimientos-sobre-colorantes-vegetales.pdf\">Quintriqueo S., M. Gutierrez, A. Contreras (2012)<\/a><br \/>\nConocimientos sobre colorantes vegetales. Perfiles Educativos. 34, 108-123 (Scopus)<\/p>\n","protected":false},"excerpt":{"rendered":"<p>FERNANDO PE\u00d1A CORT\u00c9S Pincheira Ulbrich J., J R Rau, F Pe\u00f1a- Cortes (2009) Tama\u00f1o y forma de fragmentos de bosque y su relaci\u00f3n con la riqueza de especies de \u00e1rboles y arbustos. Revista Internacional de Bot\u00e1nica Experimental Phyton 78:121-128 (ISI) Bertr\u00e1n C., L. Vargas-Chacoff, F. Pe\u00f1a &#8211; Cort\u00e9s, R. Schlatter, J. Tapia, E. Hauenstein (2010) [&hellip;]<\/p>\n","protected":false},"author":1,"featured_media":0,"parent":0,"menu_order":0,"comment_status":"closed","ping_status":"closed","template":"","meta":{"footnotes":""},"class_list":["post-97","page","type-page","status-publish","hentry"],"_links":{"self":[{"href":"https:\/\/milenio.uct.cl\/index.php?rest_route=\/wp\/v2\/pages\/97"}],"collection":[{"href":"https:\/\/milenio.uct.cl\/index.php?rest_route=\/wp\/v2\/pages"}],"about":[{"href":"https:\/\/milenio.uct.cl\/index.php?rest_route=\/wp\/v2\/types\/page"}],"author":[{"embeddable":true,"href":"https:\/\/milenio.uct.cl\/index.php?rest_route=\/wp\/v2\/users\/1"}],"replies":[{"embeddable":true,"href":"https:\/\/milenio.uct.cl\/index.php?rest_route=%2Fwp%2Fv2%2Fcomments&post=97"}],"version-history":[{"count":20,"href":"https:\/\/milenio.uct.cl\/index.php?rest_route=\/wp\/v2\/pages\/97\/revisions"}],"predecessor-version":[{"id":377,"href":"https:\/\/milenio.uct.cl\/index.php?rest_route=\/wp\/v2\/pages\/97\/revisions\/377"}],"wp:attachment":[{"href":"https:\/\/milenio.uct.cl\/index.php?rest_route=%2Fwp%2Fv2%2Fmedia&parent=97"}],"curies":[{"name":"wp","href":"https:\/\/api.w.org\/{rel}","templated":true}]}}